{"id":78,"date":"2023-06-28T12:44:53","date_gmt":"2023-06-28T15:44:53","guid":{"rendered":"http:\/\/www.fcn.unp.edu.ar\/sitio\/epistemologia\/?page_id=78"},"modified":"2025-08-03T21:07:07","modified_gmt":"2025-08-04T00:07:07","slug":"actividades-de-investigacion","status":"publish","type":"page","link":"https:\/\/www.fcn.unp.edu.ar\/epistemologia\/index.php\/actividades-de-investigacion\/","title":{"rendered":"Investigaci\u00f3n"},"content":{"rendered":"\n<h4 class=\"wp-block-heading\">Proyectos en transcurso<\/h4>\n\n\n\n<ul class=\"wp-block-list\">\n<li>Proyecto SCyT-UNPSJB <strong>&#8220;An\u00e1lisis filos\u00f3fico de nociones clave en ciencias de la salud: fundamentos conceptuales e implicaciones pr\u00e1cticas&#8221; <\/strong>(P.I. 1881). Per\u00edodo 2024-2026.<\/li>\n\n\n\n<li>Proyecto SCyT-UNPSJB <strong>\u201cFundamentos de Qu\u00edmica III. Aspectos metacient\u00edficos y t\u00f3picos de ense\u00f1anza\u201d<\/strong> (P.I. 1837). Per\u00edodo 2024-2026.<\/li>\n<\/ul>\n\n\n\n<h4 class=\"wp-block-heading\">Proyectos conclu\u00eddos<\/h4>\n\n\n\n<ul class=\"wp-block-list\">\n<li>Proyecto SCyT-UNPSJB <strong>\u201cFundamentos de Qu\u00edmica II. Aspectos metacient\u00edficos y t\u00f3picos de ense\u00f1anza\u201d<\/strong> (P.I. 1650). Per\u00edodo 2021-2023.<\/li>\n\n\n\n<li>Proyecto SCyT-UNPSJB <strong>\u201cFundamentos de Qu\u00edmica. Aspectos epistemol\u00f3gicos, metodol\u00f3gicos e hist\u00f3ricos\u201d<\/strong> (P.I. 1415). Per\u00edodo 2018-2020.<\/li>\n\n\n\n<li>Proyecto SCyT-UNPSJB <strong>\u201cLa argumentaci\u00f3n en Qu\u00edmica\u201d<\/strong> (P.I.&nbsp; 053\/14). Per\u00edodo: 2015-2017.<\/li>\n\n\n\n<li>Proyecto SCyT-UNPSJB <strong>\u201cLa argumentaci\u00f3n en Ciencias F\u00e1cticas\u201d <\/strong>(P.I.&nbsp; 881). Per\u00edodo: 2011-2014.<\/li>\n<\/ul>\n\n\n\n<h4 class=\"wp-block-heading\">\u00daltimas publicaciones (selecci\u00f3n 2021-2025):<\/h4>\n\n\n\n<ol class=\"wp-block-list\">\n<li><a>Alassia<\/a>, F. y Zambon, A. (2025). <strong>\u00bfLa ciencia se deriva de los hechos? Ense\u00f1anza de la metodolog\u00eda inductivista en Farmacia y Bioqu\u00edmica. <\/strong>En C. Torrecillas, P. S\u00e1nchez Thevenet y B. L. G\u00f3mez (Eds.), InnoVam\u00e9cum: metodolog\u00edas docentes innovadoras en Ciencias de la Salud (pp. 94-95). Edupa. <a href=\"https:\/\/edupa.unp.edu.ar\/innovamecum-metodologias-docentes-innovadoras-en-ciencias-de-la-salud\/\"><em><strong><mark style=\"background-color:#f4d8df\" class=\"has-inline-color\">LINK AL LIBRO<\/mark><\/strong><\/em><\/a><\/li>\n\n\n\n<li>C\u00f3rdoba, M., Alassia, F., P\u00e9rez Marc, G. (2024). <mark style=\"background-color:#ffffff\" class=\"has-inline-color\"><strong>Ontolog\u00eda procesual de la enfermedad e identidad personal.<\/strong> <\/mark>Estudios de <a>Filosof\u00eda, 70, 35\u201359. <\/a><a href=\"https:\/\/doi.org\/10.17533\/udea.ef.355799\">https:\/\/doi.org\/10.17533\/udea.ef.355799<\/a>.<\/li>\n\n\n\n<li>Alassia, F. (2024). <mark style=\"background-color:#ffffff\" class=\"has-inline-color\"><strong>El Problema de la Individualidad Biol\u00f3gica en Medicina<\/strong>.<\/mark> Culturas Cient\u00edficas, 5(1), 20-31. <a href=\"https:\/\/doi.org\/10.35588\/cc.v5i1.6414\">https:\/\/doi.org\/10.35588\/cc.v5i1.6414<\/a>. <\/li>\n\n\n\n<li>C\u00f3rdoba, M., Alassia, F. &amp; Zambon, A. (2024). <strong><mark style=\"background-color:#ffffff\" class=\"has-inline-color\">Identity in the nanoworld: processes and contextuality.\u00a0<\/mark><\/strong><em>Foundations of Chemistry<\/em>. <a href=\"https:\/\/doi.org\/10.1007\/s10698-024-09519-9\">https:\/\/doi.org\/10.1007\/s10698-024-09519-9<\/a> <em><strong><a href=\"https:\/\/www.researchgate.net\/publication\/382925873_Identity_in_the_nanoworld_processes_and_contextuality\" data-type=\"link\" data-id=\"https:\/\/www.researchgate.net\/publication\/382925873_Identity_in_the_nanoworld_processes_and_contextuality\"><mark style=\"background-color:#fee3e3\" class=\"has-inline-color has-custom-color-1-color\">LINK AL ART\u00cdCULO<\/mark><\/a><\/strong><\/em><\/li>\n\n\n\n<li>Zambon, A. y Alassia, F. (2023). <strong><mark style=\"background-color:#ffffff\" class=\"has-inline-color\">\u201cLA CONCEPCI\u00d3N DE ELEMENTO QU\u00cdMICO: DESDE LA ANTIG\u00dcEDAD A LAS DISCUSIONES ACTUALES\u201d<\/mark>.<\/strong> En Fort\u00edn, S. y Labarca, M. (Eds.), En M. Labarta y S. Fort\u00edn (Eds.), Introducci\u00f3n a la Filosof\u00eda de la Qu\u00edmica (pp. 34-52). Sociedad Chilena de Did\u00e1ctica, Historia y Filosof\u00eda de la Ciencias Bella Terra Ltda. <strong><em><a href=\"https:\/\/www.researchgate.net\/publication\/377107782_Introduccion_a_la_Filosofia_de_la_Quimica\" data-type=\"link\" data-id=\"https:\/\/www.researchgate.net\/publication\/377107782_Introduccion_a_la_Filosofia_de_la_Quimica\"><mark style=\"background-color:#fad0d0\" class=\"has-inline-color\">LINK AL LIBRO<\/mark><\/a><\/em><\/strong><\/li>\n\n\n\n<li>Zambon, A. y Alassia, F. (2023). <strong>\u201c<mark style=\"background-color:#ffffff\" class=\"has-inline-color\">NANOQU\u00cdMICA Y QU\u00cdMICA SUPRAMOLECULAR: ALGUNAS CONSIDERACIONES FILOS\u00d3FICAS\u201d<\/mark><\/strong>. En Fort\u00edn, S. y Labarca, M. (Eds.), En M. Labarta y S. Fort\u00edn (Eds.), Introducci\u00f3n a la Filosof\u00eda de la Qu\u00edmica (pp. 177-196). Sociedad Chilena de Did\u00e1ctica, Historia y Filosof\u00eda de la Ciencias Bella Terra Ltda. <strong><em><a href=\"https:\/\/www.researchgate.net\/publication\/377107782_Introduccion_a_la_Filosofia_de_la_Quimica\" data-type=\"link\" data-id=\"https:\/\/www.researchgate.net\/publication\/377107782_Introduccion_a_la_Filosofia_de_la_Quimica\"><mark style=\"background-color:#f7dede\" class=\"has-inline-color\">LINK AL LIBRO<\/mark><\/a><\/em><\/strong><\/li>\n\n\n\n<li>Zambon, A. (2022). <strong><mark style=\"background-color:#ffffff\" class=\"has-inline-color\">Chemical reactivity: cause-effect or interaction?\u00a0<\/mark> <\/strong>Foundations of Chemistry, \u00a024, 375\u2013387. <a href=\"https:\/\/doi.org\/10.1007\/s10698-022-09430-1\">https:\/\/doi.org\/10.1007\/s10698-022-09430-1<\/a>.<\/li>\n\n\n\n<li>Alassia, F. (2022). <mark style=\"background-color:#ffffff\" class=\"has-inline-color\"><strong>A process ontology approach in biochemistry: the case of GPCRs and biosignaling<\/strong>. <\/mark>Foundations of Chemistry. <a href=\"https:\/\/doi.org\/10.1007\/s10698-022-09443-w\">https:\/\/doi.org\/10.1007\/s10698-022-09443-w<\/a><\/li>\n\n\n\n<li>Alassia, F. y C\u00f3rdoba, M. (2022) <mark style=\"background-color:#ffffff\" class=\"has-inline-color\"><strong>Manipulabilidad: Una comprensi\u00f3n filos\u00f3fica de la historia de los receptores bioqu\u00edmicos<\/strong>. <\/mark>Eidos, 37, 13-43. <a href=\"https:\/\/rcientificas.uninorte.edu.co\/index.php\/eidos\/article\/view\/13631\">https:\/\/rcientificas.uninorte.edu.co\/index.php\/eidos\/article\/view\/13631<\/a> \u00a0<\/li>\n\n\n\n<li>Alassia, F. (2022) <mark style=\"background-color:#ffffff\" class=\"has-inline-color\"><strong>\u00bfEs posible una ontolog\u00eda procesual de las entidades bioqu\u00edmicas? Consideraciones filos\u00f3ficas a partir del caso de los receptores celulares.<\/strong> <\/mark>Estudios de Filosof\u00eda, 65, 153-175. <a href=\"https:\/\/doi.org\/10.17533\/udea.ef.345867\">https:\/\/doi.org\/10.17533\/udea.ef.345867<\/a>.<\/li>\n\n\n\n<li>Zambon, A. and C\u00f3rdoba, M (2021). <mark style=\"background-color:#ffffff\" class=\"has-inline-color\"><strong>Nanomaterials and intertheoretical relations: macro and nanochemistry as emergent levels<\/strong>.<\/mark> Foundations of Science, 26, 355\u2013370. <a href=\"https:\/\/doi.org\/10.1007\/s10699-020-09723-8\">https:\/\/doi.org\/10.1007\/s10699-020-09723-8<\/a><\/li>\n<\/ol>\n\n\n\n<p><\/p>\n","protected":false},"excerpt":{"rendered":"<p>Proyectos en transcurso Proyectos conclu\u00eddos \u00daltimas publicaciones (selecci\u00f3n 2021-2025):<\/p>\n","protected":false},"author":1,"featured_media":0,"parent":0,"menu_order":0,"comment_status":"closed","ping_status":"closed","template":"","meta":{"footnotes":""},"class_list":["post-78","page","type-page","status-publish","hentry"],"_links":{"self":[{"href":"https:\/\/www.fcn.unp.edu.ar\/epistemologia\/index.php\/wp-json\/wp\/v2\/pages\/78","targetHints":{"allow":["GET"]}}],"collection":[{"href":"https:\/\/www.fcn.unp.edu.ar\/epistemologia\/index.php\/wp-json\/wp\/v2\/pages"}],"about":[{"href":"https:\/\/www.fcn.unp.edu.ar\/epistemologia\/index.php\/wp-json\/wp\/v2\/types\/page"}],"author":[{"embeddable":true,"href":"https:\/\/www.fcn.unp.edu.ar\/epistemologia\/index.php\/wp-json\/wp\/v2\/users\/1"}],"replies":[{"embeddable":true,"href":"https:\/\/www.fcn.unp.edu.ar\/epistemologia\/index.php\/wp-json\/wp\/v2\/comments?post=78"}],"version-history":[{"count":15,"href":"https:\/\/www.fcn.unp.edu.ar\/epistemologia\/index.php\/wp-json\/wp\/v2\/pages\/78\/revisions"}],"predecessor-version":[{"id":354,"href":"https:\/\/www.fcn.unp.edu.ar\/epistemologia\/index.php\/wp-json\/wp\/v2\/pages\/78\/revisions\/354"}],"wp:attachment":[{"href":"https:\/\/www.fcn.unp.edu.ar\/epistemologia\/index.php\/wp-json\/wp\/v2\/media?parent=78"}],"curies":[{"name":"wp","href":"https:\/\/api.w.org\/{rel}","templated":true}]}}